{"id":5787,"date":"2023-01-19T18:36:33","date_gmt":"2023-01-19T17:36:33","guid":{"rendered":"https:\/\/www.brunnalm-hoheveitsch.at\/winter\/?page_id=5787"},"modified":"2024-12-08T22:35:09","modified_gmt":"2024-12-08T21:35:09","slug":"feiern-in-der-gams","status":"publish","type":"page","link":"https:\/\/www.brunnalm-hoheveitsch.at\/winter\/feiern-in-der-gams\/","title":{"rendered":"Feiern in der \u201eGams\u201c"},"content":{"rendered":"\t\t<div data-elementor-type=\"wp-page\" data-elementor-id=\"5787\" class=\"elementor elementor-5787\" data-elementor-post-type=\"page\">\n\t\t\t\t\t\t<section class=\"elementor-section elementor-top-section elementor-element elementor-element-3dc167f elementor-section-boxed elementor-section-height-default elementor-section-height-default\" data-id=\"3dc167f\" data-element_type=\"section\">\n\t\t\t\t\t\t<div class=\"elementor-container elementor-column-gap-default\">\n\t\t\t\t\t<div class=\"elementor-column elementor-col-100 elementor-top-column elementor-element elementor-element-b176c1e\" data-id=\"b176c1e\" data-element_type=\"column\">\n\t\t\t<div class=\"elementor-widget-wrap elementor-element-populated\">\n\t\t\t\t\t\t<div class=\"elementor-element elementor-element-9b086b3 elementor-widget elementor-widget-heading\" data-id=\"9b086b3\" data-element_type=\"widget\" data-widget_type=\"heading.default\">\n\t\t\t\t<div class=\"elementor-widget-container\">\n\t\t\t\t\t<h2 class=\"elementor-heading-title elementor-size-default\">Feiern in der \"Gams\"<\/h2>\t\t\t\t<\/div>\n\t\t\t\t<\/div>\n\t\t\t\t\t<\/div>\n\t\t<\/div>\n\t\t\t\t\t<\/div>\n\t\t<\/section>\n\t\t\t\t<section class=\"elementor-section elementor-top-section elementor-element elementor-element-2a2c61d elementor-section-boxed elementor-section-height-default elementor-section-height-default\" data-id=\"2a2c61d\" data-element_type=\"section\">\n\t\t\t\t\t\t<div class=\"elementor-container elementor-column-gap-default\">\n\t\t\t\t\t<div class=\"elementor-column elementor-col-66 elementor-top-column elementor-element elementor-element-5f076ec\" data-id=\"5f076ec\" data-element_type=\"column\">\n\t\t\t<div class=\"elementor-widget-wrap elementor-element-populated\">\n\t\t\t\t\t\t<div class=\"elementor-element elementor-element-c281e9b elementor-widget elementor-widget-text-editor\" data-id=\"c281e9b\" data-element_type=\"widget\" data-widget_type=\"text-editor.default\">\n\t\t\t\t<div class=\"elementor-widget-container\">\n\t\t\t\t\t\t\t\t\t<p>Sie suchen einen au\u00dfergew\u00f6hnlichen Ort zum Feiern? Bei uns in der \u201eGams\u201c sind Sie genau richtig:\u00a0<\/p><p>f\u00fcr eine gem\u00fctliche Weihnachtsfeier einen z\u00fcnftigen Geburtstag, ein Familientreffen, Vereine- oder Firmenfeier, ein Jubil\u00e4um, Sponsion oder Maturafeier und sogar f\u00fcr Junggeselle*innennabschiede planen wir mit Ihnen gemeinsam eine Feier nach Ihrem Geschmack. Vom Fr\u00fchst\u00fcck, Brunch, Mittagessen oder G\u00e4nge Men\u00fc bieten wir Ihnen verschiedene gastronomische M\u00f6glichkeiten.<\/p>\t\t\t\t\t\t\t\t<\/div>\n\t\t\t\t<\/div>\n\t\t\t\t\t<\/div>\n\t\t<\/div>\n\t\t\t\t<div class=\"elementor-column elementor-col-33 elementor-top-column elementor-element elementor-element-47ca773\" data-id=\"47ca773\" data-element_type=\"column\" data-settings=\"{&quot;background_background&quot;:&quot;classic&quot;}\">\n\t\t\t<div class=\"elementor-widget-wrap elementor-element-populated\">\n\t\t\t\t\t\t<div class=\"elementor-element elementor-element-20defa3 elementor-widget elementor-widget-heading\" data-id=\"20defa3\" data-element_type=\"widget\" data-widget_type=\"heading.default\">\n\t\t\t\t<div class=\"elementor-widget-container\">\n\t\t\t\t\t<h2 class=\"elementor-heading-title elementor-size-default\">Feiern in der \"Gams\"<\/h2>\t\t\t\t<\/div>\n\t\t\t\t<\/div>\n\t\t\t\t<div class=\"elementor-element elementor-element-ac303c2 elementor-widget elementor-widget-text-editor\" data-id=\"ac303c2\" data-element_type=\"widget\" data-widget_type=\"text-editor.default\">\n\t\t\t\t<div class=\"elementor-widget-container\">\n\t\t\t\t\t\t\t\t\t<p>Sie m\u00f6chten Ihre Feier bei uns veranstalten?<\/p>\n<p>Wir bitten um Reservierung \u00fcber unser Online Formular, telefonisch oder via e-Mail.<\/p>\t\t\t\t\t\t\t\t<\/div>\n\t\t\t\t<\/div>\n\t\t\t\t<div class=\"elementor-element elementor-element-095e708 elementor-widget elementor-widget-text-editor\" data-id=\"095e708\" data-element_type=\"widget\" data-widget_type=\"text-editor.default\">\n\t\t\t\t<div class=\"elementor-widget-container\">\n\t\t\t\t\t\t\t\t\t<p style=\"padding-left: 40px;\"><i class=\"fa-phone\"><\/i> <a href=\"tel:+436769416151\">+43 (0) 676 9416 151<\/a><br \/><i class=\"fa-envelope\"><\/i> <a href=\"mailto:gastro@brunnalm-hoheveitsch.at\">gastro@brunnalm-hoheveitsch.at<\/a><\/p>\t\t\t\t\t\t\t\t<\/div>\n\t\t\t\t<\/div>\n\t\t\t\t<div class=\"elementor-element elementor-element-8efe9c4 elementor-align-center elementor-widget elementor-widget-button\" data-id=\"8efe9c4\" data-element_type=\"widget\" data-widget_type=\"button.default\">\n\t\t\t\t<div class=\"elementor-widget-container\">\n\t\t\t\t\t\t\t\t\t<div class=\"elementor-button-wrapper\">\n\t\t\t\t\t<a class=\"elementor-button elementor-button-link elementor-size-md\" href=\"https:\/\/www.brunnalm-hoheveitsch.at\/winter\/reservierung-feiern-in-der-gams\/\" target=\"_blank\">\n\t\t\t\t\t\t<span class=\"elementor-button-content-wrapper\">\n\t\t\t\t\t\t\t\t\t<span class=\"elementor-button-text\">Anmeldung \/ Reservierung<\/span>\n\t\t\t\t\t<\/span>\n\t\t\t\t\t<\/a>\n\t\t\t\t<\/div>\n\t\t\t\t\t\t\t\t<\/div>\n\t\t\t\t<\/div>\n\t\t\t\t<div class=\"elementor-element elementor-element-da0eece elementor-widget elementor-widget-text-editor\" data-id=\"da0eece\" data-element_type=\"widget\" data-widget_type=\"text-editor.default\">\n\t\t\t\t<div class=\"elementor-widget-container\">\n\t\t\t\t\t\t\t\t\t<p>*Preise gelten nur nach Anmeldung \u00fcber das Online-Formular \/ E-Mail und Best\u00e4tigung per E-Mail durch die Freizeitbetriebe Veitsch GmbH<\/p>\t\t\t\t\t\t\t\t<\/div>\n\t\t\t\t<\/div>\n\t\t\t\t\t<\/div>\n\t\t<\/div>\n\t\t\t\t\t<\/div>\n\t\t<\/section>\n\t\t\t\t<\/div>\n\t\t","protected":false},"excerpt":{"rendered":"<p>Feiern in der &#8222;Gams&#8220; Sie suchen einen au\u00dfergew\u00f6hnlichen Ort zum Feiern? Bei uns in der \u201eGams\u201c sind Sie genau richtig:\u00a0 f\u00fcr eine gem\u00fctliche Weihnachtsfeier einen z\u00fcnftigen Geburtstag, ein Familientreffen, Vereine- oder Firmenfeier, ein Jubil\u00e4um, Sponsion oder Maturafeier und sogar f\u00fcr Junggeselle*innennabschiede planen wir mit Ihnen gemeinsam eine Feier nach Ihrem Geschmack. Vom Fr\u00fchst\u00fcck, Brunch, Mittagessen<br \/><a class=\"moretag\" href=\"https:\/\/www.brunnalm-hoheveitsch.at\/winter\/feiern-in-der-gams\/\">+ Read More<\/a><\/p>\n","protected":false},"author":1,"featured_media":5664,"parent":0,"menu_order":0,"comment_status":"closed","ping_status":"closed","template":"templates\/page-fullwidth_template.php","meta":{"_acf_changed":false,"footnotes":"","_links_to":"","_links_to_target":""},"class_list":["post-5787","page","type-page","status-publish","has-post-thumbnail","hentry"],"acf":[],"publishpress_future_workflow_manual_trigger":{"enabledWorkflows":[]},"_links":{"self":[{"href":"https:\/\/www.brunnalm-hoheveitsch.at\/winter\/wp-json\/wp\/v2\/pages\/5787","targetHints":{"allow":["GET"]}}],"collection":[{"href":"https:\/\/www.brunnalm-hoheveitsch.at\/winter\/wp-json\/wp\/v2\/pages"}],"about":[{"href":"https:\/\/www.brunnalm-hoheveitsch.at\/winter\/wp-json\/wp\/v2\/types\/page"}],"author":[{"embeddable":true,"href":"https:\/\/www.brunnalm-hoheveitsch.at\/winter\/wp-json\/wp\/v2\/users\/1"}],"replies":[{"embeddable":true,"href":"https:\/\/www.brunnalm-hoheveitsch.at\/winter\/wp-json\/wp\/v2\/comments?post=5787"}],"version-history":[{"count":0,"href":"https:\/\/www.brunnalm-hoheveitsch.at\/winter\/wp-json\/wp\/v2\/pages\/5787\/revisions"}],"wp:featuredmedia":[{"embeddable":true,"href":"https:\/\/www.brunnalm-hoheveitsch.at\/winter\/wp-json\/wp\/v2\/media\/5664"}],"wp:attachment":[{"href":"https:\/\/www.brunnalm-hoheveitsch.at\/winter\/wp-json\/wp\/v2\/media?parent=5787"}],"curies":[{"name":"wp","href":"https:\/\/api.w.org\/{rel}","templated":true}]}}