{"id":715,"date":"2023-03-29T22:37:06","date_gmt":"2023-03-29T20:37:06","guid":{"rendered":"https:\/\/www.brunnalm-hoheveitsch.at\/sommer\/?page_id=715"},"modified":"2024-04-23T20:24:53","modified_gmt":"2024-04-23T18:24:53","slug":"parkplatz-preise","status":"publish","type":"page","link":"https:\/\/www.brunnalm-hoheveitsch.at\/sommer\/parkplatz-preise\/","title":{"rendered":"Parkplatz Preise"},"content":{"rendered":"\t\t<div data-elementor-type=\"wp-page\" data-elementor-id=\"715\" class=\"elementor elementor-715\" data-elementor-post-type=\"page\">\n\t\t\t\t\t\t<section class=\"elementor-section elementor-top-section elementor-element elementor-element-f1da05d elementor-section-boxed elementor-section-height-default elementor-section-height-default\" data-id=\"f1da05d\" data-element_type=\"section\">\n\t\t\t\t\t\t<div class=\"elementor-container elementor-column-gap-default\">\n\t\t\t\t\t<div class=\"elementor-column elementor-col-100 elementor-top-column elementor-element elementor-element-6383d61\" data-id=\"6383d61\" data-element_type=\"column\">\n\t\t\t<div class=\"elementor-widget-wrap elementor-element-populated\">\n\t\t\t\t\t\t<div class=\"elementor-element elementor-element-1b87491 elementor-widget elementor-widget-heading\" data-id=\"1b87491\" data-element_type=\"widget\" data-widget_type=\"heading.default\">\n\t\t\t\t<div class=\"elementor-widget-container\">\n\t\t\t\t\t<h2 class=\"elementor-heading-title elementor-size-default\">Parkplatz Info<\/h2>\t\t\t\t<\/div>\n\t\t\t\t<\/div>\n\t\t\t\t\t<\/div>\n\t\t<\/div>\n\t\t\t\t\t<\/div>\n\t\t<\/section>\n\t\t\t\t<section class=\"elementor-section elementor-top-section elementor-element elementor-element-d292312 elementor-hidden-desktop elementor-hidden-tablet elementor-hidden-mobile elementor-section-boxed elementor-section-height-default elementor-section-height-default\" data-id=\"d292312\" data-element_type=\"section\">\n\t\t\t\t\t\t<div class=\"elementor-container elementor-column-gap-default\">\n\t\t\t\t\t<div class=\"elementor-column elementor-col-100 elementor-top-column elementor-element elementor-element-639e12c\" data-id=\"639e12c\" data-element_type=\"column\">\n\t\t\t<div class=\"elementor-widget-wrap elementor-element-populated\">\n\t\t\t\t\t\t<div class=\"elementor-element elementor-element-37d5390 elementor-widget elementor-widget-heading\" data-id=\"37d5390\" data-element_type=\"widget\" data-widget_type=\"heading.default\">\n\t\t\t\t<div class=\"elementor-widget-container\">\n\t\t\t\t\t<h2 class=\"elementor-heading-title elementor-size-default\">Parkplatz Geb\u00fchren<\/h2>\t\t\t\t<\/div>\n\t\t\t\t<\/div>\n\t\t\t\t<div class=\"elementor-element elementor-element-4c3a0e3 elementor-widget elementor-widget-text-editor\" data-id=\"4c3a0e3\" data-element_type=\"widget\" data-widget_type=\"text-editor.default\">\n\t\t\t\t<div class=\"elementor-widget-container\">\n\t\t\t\t\t\t\t\t\t<p>F\u00fcr das Abstellen mehrspuriger Kraftfahrzeuge wird eine Parkgeb\u00fchr erhoben. Als ,,Abstellen&#8220; im Sinne dieser Verordnung gelten das Parken eines Fahrzeuges und das Halten, sofern dies nicht durch die Verkehrslage oder durch sonstige wichtige Umst\u00e4nde bedingt ist. Die erste Stunde ist gratis. F\u00fcr jede folgende Stunde wird eine Geb\u00fchr von \u20ac 2,50 pro Fahrzeug verrechnet.<\/p>\t\t\t\t\t\t\t\t<\/div>\n\t\t\t\t<\/div>\n\t\t\t\t<div class=\"elementor-element elementor-element-1edcf0c elementor-widget elementor-widget-text-editor\" data-id=\"1edcf0c\" data-element_type=\"widget\" data-widget_type=\"text-editor.default\">\n\t\t\t\t<div class=\"elementor-widget-container\">\n\t\t\t\t\t\t\t\t\t<table id=\"MainTable\">\n<thead>\n<tr>\n<th scope=\"col\">Parkticket<\/th>\n<th scope=\"col\">Preis pro Stunde<\/th>\n<\/tr>\n<\/thead>\n<tbody>\n<tr>\n<td data-label=\"Ticketart\">Erste Stunde<\/td>\n<td data-label=\"Preis pro Fahrzeug\">Gratis<\/td>\n<\/tr>\n<tr>\n<td data-label=\"Ticketart\">jede weitere Stunde<\/td>\n<td data-label=\"Preis pro Fahrzeug\">\u20ac 2,50<\/td>\n<\/tr>\n<tr>\n<td data-label=\"Ticketart\">Tagesh\u00f6chstsatz<\/td>\n<td data-label=\"Preis pro Fahrzeug\">\u20ac 10,00<\/td>\n<\/tr>\n<\/tbody>\n<\/table>\t\t\t\t\t\t\t\t<\/div>\n\t\t\t\t<\/div>\n\t\t\t\t\t<\/div>\n\t\t<\/div>\n\t\t\t\t\t<\/div>\n\t\t<\/section>\n\t\t\t\t<section class=\"elementor-section elementor-top-section elementor-element elementor-element-8a82886 elementor-hidden-desktop elementor-hidden-tablet elementor-hidden-mobile elementor-section-boxed elementor-section-height-default elementor-section-height-default\" data-id=\"8a82886\" data-element_type=\"section\">\n\t\t\t\t\t\t<div class=\"elementor-container elementor-column-gap-default\">\n\t\t\t\t\t<div class=\"elementor-column elementor-col-100 elementor-top-column elementor-element elementor-element-e9d74f4\" data-id=\"e9d74f4\" data-element_type=\"column\">\n\t\t\t<div class=\"elementor-widget-wrap elementor-element-populated\">\n\t\t\t\t\t\t<div class=\"elementor-element elementor-element-a8eadf9 elementor-widget elementor-widget-heading\" data-id=\"a8eadf9\" data-element_type=\"widget\" data-widget_type=\"heading.default\">\n\t\t\t\t<div class=\"elementor-widget-container\">\n\t\t\t\t\t<h2 class=\"elementor-heading-title elementor-size-default\">Entrichtung der Parkgeb\u00fchr &amp; Sichtbarkeit Parkschein<\/h2>\t\t\t\t<\/div>\n\t\t\t\t<\/div>\n\t\t\t\t<div class=\"elementor-element elementor-element-ae1b67d elementor-widget elementor-widget-text-editor\" data-id=\"ae1b67d\" data-element_type=\"widget\" data-widget_type=\"text-editor.default\">\n\t\t\t\t<div class=\"elementor-widget-container\">\n\t\t\t\t\t\t\t\t\t<p>Die Entrichtung der Parkgeb\u00fchr unter Verwendung von Parkscheinautomaten erfolgt durch Bezahlen der Abstelldauer entsprechenden Geldbetrages am Automaten oder an der Kassa. Der vom Automaten oder der Kassa ausgedruckte Parkschein ist deutlich sichtbar an der Windschutzscheibe oder, sofern eine solche nicht vorhanden ist, an anderer geeigneter Stelle im Frontbereich des mehrspurigen Kraftfahrzeuges anzubringen.<\/p>\t\t\t\t\t\t\t\t<\/div>\n\t\t\t\t<\/div>\n\t\t\t\t\t<\/div>\n\t\t<\/div>\n\t\t\t\t\t<\/div>\n\t\t<\/section>\n\t\t\t\t<section class=\"elementor-section elementor-top-section elementor-element elementor-element-1f0ffba elementor-hidden-desktop elementor-hidden-tablet elementor-hidden-mobile elementor-section-boxed elementor-section-height-default elementor-section-height-default\" data-id=\"1f0ffba\" data-element_type=\"section\">\n\t\t\t\t\t\t<div class=\"elementor-container elementor-column-gap-default\">\n\t\t\t\t\t<div class=\"elementor-column elementor-col-100 elementor-top-column elementor-element elementor-element-6a460dd\" data-id=\"6a460dd\" data-element_type=\"column\">\n\t\t\t<div class=\"elementor-widget-wrap elementor-element-populated\">\n\t\t\t\t\t\t<div class=\"elementor-element elementor-element-674edf9 elementor-widget elementor-widget-heading\" data-id=\"674edf9\" data-element_type=\"widget\" data-widget_type=\"heading.default\">\n\t\t\t\t<div class=\"elementor-widget-container\">\n\t\t\t\t\t<h2 class=\"elementor-heading-title elementor-size-default\">Parkgeb\u00fchr ist im Ticket f\u00fcr Tubing Bahn und Bungee Trampolin inkludiert<\/h2>\t\t\t\t<\/div>\n\t\t\t\t<\/div>\n\t\t\t\t<div class=\"elementor-element elementor-element-6920554 elementor-widget elementor-widget-text-editor\" data-id=\"6920554\" data-element_type=\"widget\" data-widget_type=\"text-editor.default\">\n\t\t\t\t<div class=\"elementor-widget-container\">\n\t\t\t\t\t\t\t\t\t<p>Besucher die ein Ticket f\u00fcr die Tubing Bahn oder das Bungee Trampolin erworben haben, k\u00f6nnen das Parkticket in der &#8222;Gams&#8220; entwerten lassen.&nbsp;<\/p>\t\t\t\t\t\t\t\t<\/div>\n\t\t\t\t<\/div>\n\t\t\t\t\t<\/div>\n\t\t<\/div>\n\t\t\t\t\t<\/div>\n\t\t<\/section>\n\t\t\t\t<section class=\"elementor-section elementor-top-section elementor-element elementor-element-3887e1c elementor-hidden-desktop elementor-hidden-tablet elementor-hidden-mobile elementor-section-boxed elementor-section-height-default elementor-section-height-default\" data-id=\"3887e1c\" data-element_type=\"section\">\n\t\t\t\t\t\t<div class=\"elementor-container elementor-column-gap-default\">\n\t\t\t\t\t<div class=\"elementor-column elementor-col-100 elementor-top-column elementor-element elementor-element-a5211c3\" data-id=\"a5211c3\" data-element_type=\"column\">\n\t\t\t<div class=\"elementor-widget-wrap elementor-element-populated\">\n\t\t\t\t\t\t<div class=\"elementor-element elementor-element-eb1cfce elementor-widget elementor-widget-heading\" data-id=\"eb1cfce\" data-element_type=\"widget\" data-widget_type=\"heading.default\">\n\t\t\t\t<div class=\"elementor-widget-container\">\n\t\t\t\t\t<h2 class=\"elementor-heading-title elementor-size-default\">Keine Parkgeb\u00fchr bei konsumation IN einem der Drei Gastronomiebetriebe<\/h2>\t\t\t\t<\/div>\n\t\t\t\t<\/div>\n\t\t\t\t<div class=\"elementor-element elementor-element-3d61bee elementor-widget elementor-widget-text-editor\" data-id=\"3d61bee\" data-element_type=\"widget\" data-widget_type=\"text-editor.default\">\n\t\t\t\t<div class=\"elementor-widget-container\">\n\t\t\t\t\t\t\t\t\t<p>Besucher die in einem der <strong>drei Gastronomiebetriebe (Pflanzlh\u00fctte, Die Gams, Alpengasthof Scheikl)<\/strong>\u00a0eine Konsumation von mindestens <strong>\u20ac 15,00<\/strong> t\u00e4tigen, entf\u00e4llt die Parkgeb\u00fchr. Das Parkticket wird in den Gastronomiebetrieben vor Ort entwertet.<\/p>\t\t\t\t\t\t\t\t<\/div>\n\t\t\t\t<\/div>\n\t\t\t\t\t<\/div>\n\t\t<\/div>\n\t\t\t\t\t<\/div>\n\t\t<\/section>\n\t\t\t\t<section class=\"elementor-section elementor-top-section elementor-element elementor-element-f13e6be elementor-hidden-desktop elementor-hidden-tablet elementor-hidden-mobile elementor-section-boxed elementor-section-height-default elementor-section-height-default\" data-id=\"f13e6be\" data-element_type=\"section\">\n\t\t\t\t\t\t<div class=\"elementor-container elementor-column-gap-default\">\n\t\t\t\t\t<div class=\"elementor-column elementor-col-100 elementor-top-column elementor-element elementor-element-cddf36b\" data-id=\"cddf36b\" data-element_type=\"column\">\n\t\t\t<div class=\"elementor-widget-wrap elementor-element-populated\">\n\t\t\t\t\t\t<div class=\"elementor-element elementor-element-1847e62 eael-infobox-icon-bg-shape-none eael-infobox-icon-hover-bg-shape-none elementor-widget elementor-widget-eael-info-box\" data-id=\"1847e62\" data-element_type=\"widget\" data-widget_type=\"eael-info-box.default\">\n\t\t\t\t<div class=\"elementor-widget-container\">\n\t\t\t\t\t        <div class=\"eael-infobox icon-on-left\">\n\t            <div class=\"infobox-icon eael-icon-only\">\n\n            \n                            <div class=\"infobox-icon-wrap\">\n                    <i aria-hidden=\"true\" class=\"far fa-address-card\"><\/i>                <\/div>\n            \n            \n        <\/div>\n            <div class=\"infobox-content eael-icon-only\">\n            <h2 class=\"title\">Dauerparkkarte Sommer<\/h2><div><p>Sie k\u00f6nnen zu einem Preis von \u20ac 24,90 eine Dauerparkkarte f\u00fcr den Sommer erwerben. G\u00fcltigkeitszeitrum: 13. Mai &#8211; 6. Dezember 2023<\/p><\/div>        <\/div>\n            <\/div>\n\n\t\t\t\t\t\t<\/div>\n\t\t\t\t<\/div>\n\t\t\t\t\t<\/div>\n\t\t<\/div>\n\t\t\t\t\t<\/div>\n\t\t<\/section>\n\t\t\t\t<section class=\"elementor-section elementor-top-section elementor-element elementor-element-cb9cfc8 elementor-section-boxed elementor-section-height-default elementor-section-height-default\" data-id=\"cb9cfc8\" data-element_type=\"section\">\n\t\t\t\t\t\t<div class=\"elementor-container elementor-column-gap-default\">\n\t\t\t\t\t<div class=\"elementor-column elementor-col-100 elementor-top-column elementor-element elementor-element-4f246a7\" data-id=\"4f246a7\" data-element_type=\"column\">\n\t\t\t<div class=\"elementor-widget-wrap elementor-element-populated\">\n\t\t\t\t\t\t<div class=\"elementor-element elementor-element-c09de08 eael-infobox-icon-bg-shape-none eael-infobox-icon-hover-bg-shape-none elementor-widget elementor-widget-eael-info-box\" data-id=\"c09de08\" data-element_type=\"widget\" data-widget_type=\"eael-info-box.default\">\n\t\t\t\t<div class=\"elementor-widget-container\">\n\t\t\t\t\t        <div class=\"eael-infobox icon-on-left\">\n\t            <div class=\"infobox-icon eael-icon-only\">\n\n            \n                            <div class=\"infobox-icon-wrap\">\n                    <i aria-hidden=\"true\" class=\"fas fa-euro-sign\"><\/i>                <\/div>\n            \n            \n        <\/div>\n            <div class=\"infobox-content eael-icon-only\">\n            <h2 class=\"title\">Geb\u00fchrenfreier Parkplatz<\/h2><div><p>In der Sommersaison 2024 ist keine Parkgeb\u00fchr zu entrichten. Der Brunnalm Parkplatz steht Besuchern geb\u00fchrenfrei zur Verf\u00fcgung.<\/p><\/div>        <\/div>\n            <\/div>\n\n\t\t\t\t\t\t<\/div>\n\t\t\t\t<\/div>\n\t\t\t\t<div class=\"elementor-element elementor-element-68bfc96 eael-infobox-icon-bg-shape-none eael-infobox-icon-hover-bg-shape-none elementor-widget elementor-widget-eael-info-box\" data-id=\"68bfc96\" data-element_type=\"widget\" data-widget_type=\"eael-info-box.default\">\n\t\t\t\t<div class=\"elementor-widget-container\">\n\t\t\t\t\t        <div class=\"eael-infobox icon-on-left\">\n\t            <div class=\"infobox-icon eael-icon-only\">\n\n            \n                            <div class=\"infobox-icon-wrap\">\n                    <i aria-hidden=\"true\" class=\"fas fa-wheelchair\"><\/i>                <\/div>\n            \n            \n        <\/div>\n            <div class=\"infobox-content eael-icon-only\">\n            <h2 class=\"title\">Barrierefreier Parkplatz<\/h2><div><p>Personen mit Berechtigung zum Parken auf Behindertenparkpl\u00e4tzen empfehlen wir, die eigens f\u00fcr sie vorgesehenen Parkpl\u00e4tze vor dem Geb\u00e4ude zu benutzen.<\/p><\/div>        <\/div>\n            <\/div>\n\n\t\t\t\t\t\t<\/div>\n\t\t\t\t<\/div>\n\t\t\t\t<div class=\"elementor-element elementor-element-580738c eael-infobox-icon-bg-shape-none eael-infobox-icon-hover-bg-shape-none elementor-widget elementor-widget-eael-info-box\" data-id=\"580738c\" data-element_type=\"widget\" data-widget_type=\"eael-info-box.default\">\n\t\t\t\t<div class=\"elementor-widget-container\">\n\t\t\t\t\t        <div class=\"eael-infobox icon-on-left\">\n\t            <div class=\"infobox-icon eael-icon-only\">\n\n            \n                            <div class=\"infobox-icon-wrap\">\n                    <i aria-hidden=\"true\" class=\"fas fa-plug\"><\/i>                <\/div>\n            \n            \n        <\/div>\n            <div class=\"infobox-content eael-icon-only\">\n            <h2 class=\"title\">E-Parkplatz mit Ladestation<\/h2><div><p>F\u00fcr E-Autos befinden sich 4 Aufladestationen mit einer maximalen Leistung von 20kw am Parkplatz.<\/p><\/div>        <\/div>\n            <\/div>\n\n\t\t\t\t\t\t<\/div>\n\t\t\t\t<\/div>\n\t\t\t\t\t<\/div>\n\t\t<\/div>\n\t\t\t\t\t<\/div>\n\t\t<\/section>\n\t\t\t\t<section class=\"elementor-section elementor-top-section elementor-element elementor-element-49cb057 elementor-hidden-desktop elementor-hidden-tablet elementor-hidden-mobile elementor-section-boxed elementor-section-height-default elementor-section-height-default\" data-id=\"49cb057\" data-element_type=\"section\">\n\t\t\t\t\t\t<div class=\"elementor-container elementor-column-gap-default\">\n\t\t\t\t\t<div class=\"elementor-column elementor-col-100 elementor-top-column elementor-element elementor-element-d94453b\" data-id=\"d94453b\" data-element_type=\"column\">\n\t\t\t<div class=\"elementor-widget-wrap elementor-element-populated\">\n\t\t\t\t\t\t<div class=\"elementor-element elementor-element-9a9dd81 elementor-widget elementor-widget-heading\" data-id=\"9a9dd81\" data-element_type=\"widget\" data-widget_type=\"heading.default\">\n\t\t\t\t<div class=\"elementor-widget-container\">\n\t\t\t\t\t<h2 class=\"elementor-heading-title elementor-size-default\">Parkgeb\u00fchren Ausnahmen<\/h2>\t\t\t\t<\/div>\n\t\t\t\t<\/div>\n\t\t\t\t<div class=\"elementor-element elementor-element-235e56c elementor-widget elementor-widget-text-editor\" data-id=\"235e56c\" data-element_type=\"widget\" data-widget_type=\"text-editor.default\">\n\t\t\t\t<div class=\"elementor-widget-container\">\n\t\t\t\t\t\t\t\t\t<p>Die Parkgeb\u00fchr sind nicht zu entrichten f\u00fcr:<\/p><ul><li>Einsatzfahrzeuge und Fahrzeuge im \u00f6ffentlichen Dienst gem\u00e4\u00df \u00a7\u00a7 26 und 26a StVO 1960;<\/li><li>Fahrzeuge des Stra\u00dfendienstes und der M\u00fcllabfuhr gem\u00e4\u00df \u00a7 27 StVO 1960;<\/li><li>Fahrzeuge, die von \u00c4rzten bzw. \u00c4rztinnen bei einer Fahrt zur Leistung \u00e4rztlicher Hilfe gelenkt werden, sofern sie beim Abstellen mit einer Tafel gem\u00e4\u00df \u00a7 24 Abs. 5 StVO 1960 gekennzeichnet sind;<\/li><li>Fahrzeuge, die von Personen im diplomierten ambulanten Pflegedienst bei einer Fahrt zur Durchf\u00fchrung solcher Pflege gelenkt werden, sofern sie beim Abstellen mit einer Tafel gem\u00e4\u00df \u00a7 24 Abs. 5a StVO 1960 gekennzeichnet sind;<\/li><li>Fahrzeuge, die von Inhabern und Inhaberinnen eines Behindertenpasses nach dem Bundesbehindertengesetz, BGBI. Nr. 283\/1990, die \u00fcber die Zusatzeintragung, Unzumutbarkeit der Ben\u00fctzung \u00f6ffentlicher Verkehrsmittel wegen dauerhafter MobiIit\u00e4tseinschr\u00e4nkung aufgrund einer Behinderung&#8220; verf\u00fcgen, abgestellt werden oder in denen solche Personen gem\u00e4\u00df Ei 29b Abs. 3 StVO 1960 bef\u00f6rdert werden, wenn die Fahrzeuge mit dem Ausweis gem\u00e4\u00df \u00a7 29b Abs. 1 oder 5 StVO 1960 gekennzeichnet sind;<\/li><li>Fahrzeuge, die f\u00fcr den Bund, eine andere Gebietsk\u00f6rperschaft oder einen Gemeindeverband zugelassen sind, ausgenommen Personenkraftwagen;<\/li><li>Fahrzeuge, die Lediglich zum Zwecke des Aus- und Einsteigens von Personen oder f\u00fcr die Dauer der Durchf\u00fchrung einer Ladet\u00e4tigkeit halten<\/li><\/ul>\t\t\t\t\t\t\t\t<\/div>\n\t\t\t\t<\/div>\n\t\t\t\t\t<\/div>\n\t\t<\/div>\n\t\t\t\t\t<\/div>\n\t\t<\/section>\n\t\t\t\t<\/div>\n\t\t","protected":false},"excerpt":{"rendered":"<p>Parkplatz Info Parkplatz Geb\u00fchren F\u00fcr das Abstellen mehrspuriger Kraftfahrzeuge wird eine Parkgeb\u00fchr erhoben. Als ,,Abstellen&#8220; im Sinne dieser Verordnung gelten das Parken eines Fahrzeuges und das Halten, sofern dies nicht durch die Verkehrslage oder durch sonstige wichtige Umst\u00e4nde bedingt ist. Die erste Stunde ist gratis. F\u00fcr jede folgende Stunde wird eine Geb\u00fchr von \u20ac 2,50<br \/><a class=\"moretag\" href=\"https:\/\/www.brunnalm-hoheveitsch.at\/sommer\/parkplatz-preise\/\">+ Read More<\/a><\/p>\n","protected":false},"author":1,"featured_media":1906,"parent":0,"menu_order":0,"comment_status":"closed","ping_status":"closed","template":"templates\/page-fullwidth_template.php","meta":{"_acf_changed":false,"footnotes":"","_links_to":"","_links_to_target":""},"class_list":["post-715","page","type-page","status-publish","has-post-thumbnail","hentry"],"acf":[],"publishpress_future_action":{"enabled":false,"date":"2026-05-08 13:23:13","action":"change-status","newStatus":"draft","terms":[],"taxonomy":""},"publishpress_future_workflow_manual_trigger":{"enabledWorkflows":[]},"_links":{"self":[{"href":"https:\/\/www.brunnalm-hoheveitsch.at\/sommer\/wp-json\/wp\/v2\/pages\/715","targetHints":{"allow":["GET"]}}],"collection":[{"href":"https:\/\/www.brunnalm-hoheveitsch.at\/sommer\/wp-json\/wp\/v2\/pages"}],"about":[{"href":"https:\/\/www.brunnalm-hoheveitsch.at\/sommer\/wp-json\/wp\/v2\/types\/page"}],"author":[{"embeddable":true,"href":"https:\/\/www.brunnalm-hoheveitsch.at\/sommer\/wp-json\/wp\/v2\/users\/1"}],"replies":[{"embeddable":true,"href":"https:\/\/www.brunnalm-hoheveitsch.at\/sommer\/wp-json\/wp\/v2\/comments?post=715"}],"version-history":[{"count":0,"href":"https:\/\/www.brunnalm-hoheveitsch.at\/sommer\/wp-json\/wp\/v2\/pages\/715\/revisions"}],"wp:featuredmedia":[{"embeddable":true,"href":"https:\/\/www.brunnalm-hoheveitsch.at\/sommer\/wp-json\/wp\/v2\/media\/1906"}],"wp:attachment":[{"href":"https:\/\/www.brunnalm-hoheveitsch.at\/sommer\/wp-json\/wp\/v2\/media?parent=715"}],"curies":[{"name":"wp","href":"https:\/\/api.w.org\/{rel}","templated":true}]}}