{"id":599,"date":"2023-03-29T18:23:42","date_gmt":"2023-03-29T16:23:42","guid":{"rendered":"https:\/\/www.brunnalm-hoheveitsch.at\/sommer\/?page_id=599"},"modified":"2023-03-29T19:26:34","modified_gmt":"2023-03-29T17:26:34","slug":"allgemeine-geschaeftsbedingungen","status":"publish","type":"page","link":"https:\/\/www.brunnalm-hoheveitsch.at\/sommer\/allgemeine-geschaeftsbedingungen\/","title":{"rendered":"Allgemeine Gesch\u00e4ftsbedingungen"},"content":{"rendered":"\t\t<div data-elementor-type=\"wp-page\" data-elementor-id=\"599\" class=\"elementor elementor-599\" data-elementor-post-type=\"page\">\n\t\t\t\t\t\t<section class=\"elementor-section elementor-top-section elementor-element elementor-element-0f1805c elementor-section-boxed elementor-section-height-default elementor-section-height-default\" data-id=\"0f1805c\" data-element_type=\"section\">\n\t\t\t\t\t\t<div class=\"elementor-container elementor-column-gap-default\">\n\t\t\t\t\t<div class=\"elementor-column elementor-col-100 elementor-top-column elementor-element elementor-element-8bd526b\" data-id=\"8bd526b\" data-element_type=\"column\">\n\t\t\t<div class=\"elementor-widget-wrap elementor-element-populated\">\n\t\t\t\t\t\t<div class=\"elementor-element elementor-element-638599c elementor-widget elementor-widget-heading\" data-id=\"638599c\" data-element_type=\"widget\" data-widget_type=\"heading.default\">\n\t\t\t\t<div class=\"elementor-widget-container\">\n\t\t\t\t\t<h2 class=\"elementor-heading-title elementor-size-default\">Allgemeine Gesch\u00e4ftsbedingungen<\/h2>\t\t\t\t<\/div>\n\t\t\t\t<\/div>\n\t\t\t\t<div class=\"elementor-element elementor-element-8f300ac elementor-widget elementor-widget-heading\" data-id=\"8f300ac\" data-element_type=\"widget\" data-widget_type=\"heading.default\">\n\t\t\t\t<div class=\"elementor-widget-container\">\n\t\t\t\t\t<h3 class=\"elementor-heading-title elementor-size-default\">1. Allgemeines<\/h3>\t\t\t\t<\/div>\n\t\t\t\t<\/div>\n\t\t\t\t<div class=\"elementor-element elementor-element-6b7cc30 elementor-widget elementor-widget-text-editor\" data-id=\"6b7cc30\" data-element_type=\"widget\" data-widget_type=\"text-editor.default\">\n\t\t\t\t<div class=\"elementor-widget-container\">\n\t\t\t\t\t\t\t\t\t<p>Der Erwerb eines Tickets f\u00fcr das Skigebiet \u201eBrunnalm-Hohe Veitsch\u201c berechtigt den Kunden zur Benutzung des Skigebiets von den Freizeitbetrieben Veitsch GmbH.<\/p><p>Durch die Verwendung eines g\u00fcltigen Tickets kommt ein Bef\u00f6rderungs- und Pistenben\u00fctzungsvertrag mit den\/dem jeweiligen Lift- bzw. Pistenbetreiber\/n zustande. Mit der Verwendung eines g\u00fcltigen Tickets anerkennt der Kunde die beh\u00f6rdlich genehmigten Bef\u00f6rderungsbedingungen der Lift- bzw. Pistenbetreiber bzw. f\u00fcr die einzelnen Anlagen laut Aushang und unterwirft er sich den <a href=\"https:\/\/www.brunnalm-hoheveitsch.at\/winter\/verhaltensregeln\/\" target=\"_blank\" rel=\"noopener\">Verhaltensregeln des Internationalen Skiverbandes (FIS).<\/a><\/p><p>Ein Versto\u00df gegen die Allgemeinen Gesch\u00e4ftsbedingungen oder gegen die Bef\u00f6rderungsbedingungen sowie das wiederholte Nichtbefolgen von Anweisungen der Pisten-\/Liftaufsichtsorgane hat den Ausschluss von jeder weiteren Bef\u00f6rderung \/ Pistenbenutzung und den ersatzlosen Entzug des Tickets zur Folge. Weiters ist der Kunde zur Zahlung einer Bearbeitungsgeb\u00fchr in der H\u00f6he von EUR 70,- verpflichtet. Dasselbe gilt bei vors\u00e4tzlicher Besch\u00e4digung von Eigentum der \u201eFreizeitbetriebe Veitsch\u201c oder ehrenbeleidigendem und kridasch\u00e4digendem Verhalten gegen\u00fcber Pisten-\/Liftaufsichtsorganen.<\/p>\t\t\t\t\t\t\t\t<\/div>\n\t\t\t\t<\/div>\n\t\t\t\t<div class=\"elementor-element elementor-element-6af53b1 elementor-widget elementor-widget-heading\" data-id=\"6af53b1\" data-element_type=\"widget\" data-widget_type=\"heading.default\">\n\t\t\t\t<div class=\"elementor-widget-container\">\n\t\t\t\t\t<h3 class=\"elementor-heading-title elementor-size-default\">2. Tickets<\/h3>\t\t\t\t<\/div>\n\t\t\t\t<\/div>\n\t\t\t\t<div class=\"elementor-element elementor-element-092d0a1 elementor-widget elementor-widget-text-editor\" data-id=\"092d0a1\" data-element_type=\"widget\" data-widget_type=\"text-editor.default\">\n\t\t\t\t<div class=\"elementor-widget-container\">\n\t\t\t\t\t\t\t\t\t<p>Tickets sind nicht \u00fcbertragbar. Nachtr\u00e4glicher Umtausch oder \u00c4nderung der G\u00fcltigkeitsdauer eines Tickets ist nicht m\u00f6glich. Schon der Versuch der unzul\u00e4ssigen Weitergabe eines Tickets gilt als Versto\u00df im Sinne von Punkt 1. Jeder Ticketinhaber hat seinen Skipass so zu verwahren, dass Dritte keinen Zugriff haben. Tickets und Berechtigungsnachweise f\u00fcr die Inanspruchnahme von Sondertarifen sind den Pisten-\/Liftaufsichtsorganen auf Verlangen vorzuweisen.<\/p><p>Beim Erwerb von Tickets werden pro ausgestellte Tickets \u20ac 3,00 als Einsatz f\u00fcr die KeyCard eingehoben. Bei der R\u00fcckgabe des unbesch\u00e4digten Tickets an der Kassa oder den daf\u00fcr vorgesehenen Automaten wird dieser Betrag r\u00fcckerstattet.<\/p><p>Ein Ersatz bei Verlust, Diebstahl oder vergessenen Ticktes (Datentr\u00e4ger) ist ausgeschlossen. Beim Verlust einer Saisonkarte wird gegen Vorlage des Kaufbelegs und eines Ausweises eine Ersatzkarte ausgestellt; die verlorene Karte wird gesperrt. Im Fall einer vergessenen Saisonkarte muss eine Tageskarte zum jeweiligen Tagestarif erworben werden. Die vergessene Saisonkarte wird f\u00fcr diesen einen Tag gesperrt.<\/p>\t\t\t\t\t\t\t\t<\/div>\n\t\t\t\t<\/div>\n\t\t\t\t<div class=\"elementor-element elementor-element-e36b6b0 elementor-widget elementor-widget-heading\" data-id=\"e36b6b0\" data-element_type=\"widget\" data-widget_type=\"heading.default\">\n\t\t\t\t<div class=\"elementor-widget-container\">\n\t\t\t\t\t<h3 class=\"elementor-heading-title elementor-size-default\">3. R\u00fcckverg\u00fctung<\/h3>\t\t\t\t<\/div>\n\t\t\t\t<\/div>\n\t\t\t\t<div class=\"elementor-element elementor-element-bf2d62a elementor-widget elementor-widget-text-editor\" data-id=\"bf2d62a\" data-element_type=\"widget\" data-widget_type=\"text-editor.default\">\n\t\t\t\t<div class=\"elementor-widget-container\">\n\t\t\t\t\t\t\t\t\t<p>Witterungsbedingte oder aus anderen technischen Gr\u00fcnden erforderliche Betriebseinstellungen von Anlagen, Pisten oder ganzen Skigebieten, Lawinengefahr, vorzeitige Abreise oder Unterbrechung begr\u00fcnden keinen Anspruch auf Entgelterstattung oder G\u00fcltigkeitsverl\u00e4ngerung. Unterbleibt die Bef\u00f6rderung aus Gr\u00fcnden die der Fahrgast zu vertreten hat, so besteht kein Anspruch auf Entgeltr\u00fcckerstattung oder Ersatzleistung. Ein eingeschr\u00e4nktes Pisten- und Anlagenangebot begr\u00fcndet keinen Anspr\u00fcche.<\/p>\t\t\t\t\t\t\t\t<\/div>\n\t\t\t\t<\/div>\n\t\t\t\t<div class=\"elementor-element elementor-element-469b657 elementor-widget elementor-widget-heading\" data-id=\"469b657\" data-element_type=\"widget\" data-widget_type=\"heading.default\">\n\t\t\t\t<div class=\"elementor-widget-container\">\n\t\t\t\t\t<h3 class=\"elementor-heading-title elementor-size-default\">4. Bergung von Verletzten<\/h3>\t\t\t\t<\/div>\n\t\t\t\t<\/div>\n\t\t\t\t<div class=\"elementor-element elementor-element-774e16d elementor-widget elementor-widget-text-editor\" data-id=\"774e16d\" data-element_type=\"widget\" data-widget_type=\"text-editor.default\">\n\t\t\t\t<div class=\"elementor-widget-container\">\n\t\t\t\t\t\t\t\t\t<p>Soweit die Bergung von Verletzten von den \u201eFreizeitbetrieben Veitsch\u201c organisiert wird, hat der verletzte Kunde einen Bergungskostenbeitrag zu leisten. Au\u00dferhalb der Betriebszeit k\u00f6nnen die \u201eFreizeitbetrieben Veitsch\u201c keine Bergung von Verletzten durchf\u00fchren.<\/p>\t\t\t\t\t\t\t\t<\/div>\n\t\t\t\t<\/div>\n\t\t\t\t<div class=\"elementor-element elementor-element-2152062 elementor-widget elementor-widget-heading\" data-id=\"2152062\" data-element_type=\"widget\" data-widget_type=\"heading.default\">\n\t\t\t\t<div class=\"elementor-widget-container\">\n\t\t\t\t\t<h3 class=\"elementor-heading-title elementor-size-default\">5. Pistenreservierungen \/ Sonderfahrten und Sondernutzungen<\/h3>\t\t\t\t<\/div>\n\t\t\t\t<\/div>\n\t\t\t\t<div class=\"elementor-element elementor-element-249a1ee elementor-widget elementor-widget-text-editor\" data-id=\"249a1ee\" data-element_type=\"widget\" data-widget_type=\"text-editor.default\">\n\t\t\t\t<div class=\"elementor-widget-container\">\n\t\t\t\t\t\t\t\t\tGrunds\u00e4tzlich d\u00fcrfen Pisten von allen unseren Kunden in gleicher Weise benutzt werden. Pistenreservierungen und Sonderfahrten sind nur nach ausdr\u00fccklicher Zustimmung der \u201eFreizeitbetriebe Veitsch\u201c\u00a0m\u00f6glich und zul\u00e4ssig.\n\nF\u00fcr vom Kunden verursachte au\u00dferplanm\u00e4\u00dfige Eins\u00e4tze von Pisten-\/Liftaufsichtsorgane bzw. Mitarbeiter oder Pistenger\u00e4ten kommen die jeweils g\u00fcltigen Verrechnungss\u00e4tze zur Anwendung. F\u00fcr alle Ger\u00e4teeins\u00e4tze werden mindestens 20 Minuten verrechnet.\n\nF\u00fcr den Transport von G\u00fctern wird eine Geb\u00fchr eingehoben. Eine Haftung f\u00fcr Transportsch\u00e4den ist ausgeschlossen. Tiertransporte bed\u00fcrfen ebenfalls den Kauf eines Tickets. Tiere m\u00fcssen entsprechend verwahrt sein. F\u00fcr Hunde besteht im Ski- und Almgebiet generell Leinenpflicht, w\u00e4hrend des Transportes und in geschlossenen R\u00e4umen s\u00e4mtlicher Anlagen auch Bei\u00dfkorbpflicht.\t\t\t\t\t\t\t\t<\/div>\n\t\t\t\t<\/div>\n\t\t\t\t<div class=\"elementor-element elementor-element-eb465bd elementor-widget elementor-widget-heading\" data-id=\"eb465bd\" data-element_type=\"widget\" data-widget_type=\"heading.default\">\n\t\t\t\t<div class=\"elementor-widget-container\">\n\t\t\t\t\t<h3 class=\"elementor-heading-title elementor-size-default\">6. Betriebszeiten<\/h3>\t\t\t\t<\/div>\n\t\t\t\t<\/div>\n\t\t\t\t<div class=\"elementor-element elementor-element-e9f2f64 elementor-widget elementor-widget-text-editor\" data-id=\"e9f2f64\" data-element_type=\"widget\" data-widget_type=\"text-editor.default\">\n\t\t\t\t<div class=\"elementor-widget-container\">\n\t\t\t\t\t\t\t\t\t<p>Die Skipisten sind t\u00e4glich von 17.00 Uhr bis 8.00 Uhr gesperrt. W\u00e4hrend dieser Sperrzeit besteht keine Gefahrensicherung sowie eine erhebliche Verletzungsgefahr durch Pistenbearbeitung, Windenseile, Schneeerzeugung und freiliegende Kabel und Schl\u00e4uche.<\/p>\t\t\t\t\t\t\t\t<\/div>\n\t\t\t\t<\/div>\n\t\t\t\t<div class=\"elementor-element elementor-element-99e55b3 elementor-widget elementor-widget-heading\" data-id=\"99e55b3\" data-element_type=\"widget\" data-widget_type=\"heading.default\">\n\t\t\t\t<div class=\"elementor-widget-container\">\n\t\t\t\t\t<h3 class=\"elementor-heading-title elementor-size-default\">7. Schutz des Waldes<\/h3>\t\t\t\t<\/div>\n\t\t\t\t<\/div>\n\t\t\t\t<div class=\"elementor-element elementor-element-32cec88 elementor-widget elementor-widget-text-editor\" data-id=\"32cec88\" data-element_type=\"widget\" data-widget_type=\"text-editor.default\">\n\t\t\t\t<div class=\"elementor-widget-container\">\n\t\t\t\t\t\t\t\t\t<p>Die freie Zug\u00e4nglichkeit des Waldes verlangt besonderes Verantwortungsbewusstsein und verpflichtet zu seinem Schutz. Gem\u00e4\u00df Forstgesetz ist das Abfahren mit Wintersportger\u00e4ten im Wald und im Bereich von Aufstiegshilfen nur auf markierten Pisten oder Skirouten gestattet. Das Verlassen der pr\u00e4parierten und ausgewiesenen Trassen und Pisten (z.B. auch Tiefschnee- und Buckelpisten) sowie das Befahren der angrenzenden Waldfl\u00e4chen ist grunds\u00e4tzlich verboten und Zuwiderhandeln strafbar (\u00a7 33 Forstgesetz). Es ist verboten, Forstkulturen unter 3 m Baumh\u00f6he zu betreten sowie Abf\u00e4lle und Zigaretten wegzuwerfen. Jede Nichtbeachtung wird zur Anzeige gebracht und hat den entsch\u00e4digungslosen Entzug der Skipassberechtigung zur Folge.<\/p>\t\t\t\t\t\t\t\t<\/div>\n\t\t\t\t<\/div>\n\t\t\t\t<div class=\"elementor-element elementor-element-74f5ffb elementor-widget elementor-widget-heading\" data-id=\"74f5ffb\" data-element_type=\"widget\" data-widget_type=\"heading.default\">\n\t\t\t\t<div class=\"elementor-widget-container\">\n\t\t\t\t\t<h3 class=\"elementor-heading-title elementor-size-default\">8. Haftung<\/h3>\t\t\t\t<\/div>\n\t\t\t\t<\/div>\n\t\t\t\t<div class=\"elementor-element elementor-element-d428012 elementor-widget elementor-widget-text-editor\" data-id=\"d428012\" data-element_type=\"widget\" data-widget_type=\"text-editor.default\">\n\t\t\t\t<div class=\"elementor-widget-container\">\n\t\t\t\t\t\t\t\t\t<p>Die Haftung der \u201eFreizeitbetriebe Veitsch\u201c f\u00fcr Sach- und Verm\u00f6genssch\u00e4den, die im Zusammenhang mit der Ben\u00fctzung der Lift- und Pistenanlagen entstehen, wird im Falle der leichten Fahrl\u00e4ssigkeit ausgeschlossen. Die Betreiber der Lift- bzw Pistenanlagen sind in keiner Weise verantwortlich f\u00fcr Gegenst\u00e4nde, die dem Kunden im Skigebiet abhanden kommen. Eine Haftung der Lift- bzw Pistenbetreiber im Falle einer Verschmutzung der Bekleidung bei der Ben\u00fctzung der Seilbahnen und Liftanlagen ist jedenfalls ausgeschlossen.<\/p>\t\t\t\t\t\t\t\t<\/div>\n\t\t\t\t<\/div>\n\t\t\t\t<div class=\"elementor-element elementor-element-9fea727 elementor-widget elementor-widget-heading\" data-id=\"9fea727\" data-element_type=\"widget\" data-widget_type=\"heading.default\">\n\t\t\t\t<div class=\"elementor-widget-container\">\n\t\t\t\t\t<h3 class=\"elementor-heading-title elementor-size-default\">9. Erwerbsm\u00e4\u00dfige und werbliche T\u00e4tigkeiten<\/h3>\t\t\t\t<\/div>\n\t\t\t\t<\/div>\n\t\t\t\t<div class=\"elementor-element elementor-element-613b365 elementor-widget elementor-widget-text-editor\" data-id=\"613b365\" data-element_type=\"widget\" data-widget_type=\"text-editor.default\">\n\t\t\t\t<div class=\"elementor-widget-container\">\n\t\t\t\t\t\t\t\t\t<p>Jede erwerbsm\u00e4\u00dfige und werbliche T\u00e4tigkeit auf Anlagen, Pisten und Skiabfahrten sowie Parkfl\u00e4chen (zB.: Anbringen von Werbetafeln, Panoramakameras und sonstiger Werbung) der \u201eFreizeitbetriebe Veitsch\u201c bedarf der schriftlichen vorherigen Genehmigung. Zuwiderhandlungen haben den Ausschluss von der Bef\u00f6rderung und den Entzug des Tickets zur Folge.<\/p>\t\t\t\t\t\t\t\t<\/div>\n\t\t\t\t<\/div>\n\t\t\t\t<div class=\"elementor-element elementor-element-644b373 elementor-widget elementor-widget-heading\" data-id=\"644b373\" data-element_type=\"widget\" data-widget_type=\"heading.default\">\n\t\t\t\t<div class=\"elementor-widget-container\">\n\t\t\t\t\t<h3 class=\"elementor-heading-title elementor-size-default\">10. Datenschutzbestimmungen<\/h3>\t\t\t\t<\/div>\n\t\t\t\t<\/div>\n\t\t\t\t<div class=\"elementor-element elementor-element-ffff79f elementor-widget elementor-widget-text-editor\" data-id=\"ffff79f\" data-element_type=\"widget\" data-widget_type=\"text-editor.default\">\n\t\t\t\t<div class=\"elementor-widget-container\">\n\t\t\t\t\t\t\t\t\t<p>Mit dem Erwerb eines Tickets stimmt der Karteninhaber einer personenbezogenen fotografischen Erfassung, Speicherung und Verarbeitung an den Kartenausgabe- und Zutrittsstellen zu Kontrollzwecken zur Vermeidung von missbr\u00e4uchlicher Kartenverwendung zu. Der Kunde erteilt seine ausdr\u00fcckliche Zustimmung, dass die von ihm bekannt gegebenen Daten zur Durchf\u00fchrung des Buchungs- und Zahlungsvorganges an die Datenbank der \u201eFreizeitbetriebe Veitsch\u201c weitergeleitet, gespeichert und verarbeitet werden und zu Kontrollzwecken auch mit externen Systemen abgeglichen werden k\u00f6nnen. Der Kunde stimmt ebenso einer Weitergabe dieser Daten im Rahmen der gesetzlichen Bestimmungen und Beschr\u00e4nkungen des Datenschutzgesetzes 2022 an Partner und Mitglieder der \u201eFreizeitbetrieben Veitsch\u201c zu. Die Daten werden bei vertragsgem\u00e4\u00dfer Verwendung der Tickets mit Ablauf der G\u00fcltigkeitsdauer gel\u00f6scht. Die Zustimmung der Verwendung solcher Daten kann jederzeit in schriftlicher Form widerrufen werden.<\/p><p>Der Kunde hat die M\u00f6glichkeit der Daten\u00fcbertragung \u00fcber sichere Datenverbindungen (SSL) in seinem Bereich selbst zu schaffen. Seitens der beteiligten Unternehmen erfolgt die \u00dcbermittlung \u2013 zumindest der f\u00fcr die Zahlungsabwicklung notwendigen Daten \u2013 jedenfalls \u00fcber sichere Datenleitungen.<\/p>\t\t\t\t\t\t\t\t<\/div>\n\t\t\t\t<\/div>\n\t\t\t\t<div class=\"elementor-element elementor-element-01c3133 elementor-widget elementor-widget-heading\" data-id=\"01c3133\" data-element_type=\"widget\" data-widget_type=\"heading.default\">\n\t\t\t\t<div class=\"elementor-widget-container\">\n\t\t\t\t\t<h3 class=\"elementor-heading-title elementor-size-default\">11. Rechtswahl und Gerichtsstand<\/h3>\t\t\t\t<\/div>\n\t\t\t\t<\/div>\n\t\t\t\t<div class=\"elementor-element elementor-element-c110aa7 elementor-widget elementor-widget-text-editor\" data-id=\"c110aa7\" data-element_type=\"widget\" data-widget_type=\"text-editor.default\">\n\t\t\t\t<div class=\"elementor-widget-container\">\n\t\t\t\t\t\t\t\t\tDiese Gesch\u00e4ftsbedingungen gelten insoweit, als sie nicht zwingend anzuwendenden Bestimmungen des Konsumentenschutzgesetzes des jeweiligen Verbraucherstaates widersprechen. Allenfalls unwirksame Bestimmungen werden aber nicht zur G\u00e4nze ung\u00fcltig, sondern sind auf den ihnen am n\u00e4chsten kommenden, jeweils zul\u00e4ssigen Inhalt einzuschr\u00e4nken. Vertragssprache ist Deutsch.\nEs gilt \u00f6sterreichisches Recht (mit Ausnahme der Verweisungsnormen des internationalen Privatrechts sowie des UN-Kaufrechts). Als sachlich zust\u00e4ndiger Gerichtsstand wird &#8211; soweit kein gesetzlich zwingender Gerichtsstand besteht \u2013 der Sitz des jeweiligen jeweiligen Lift- bzw. Pistenbetreibers.\t\t\t\t\t\t\t\t<\/div>\n\t\t\t\t<\/div>\n\t\t\t\t\t<\/div>\n\t\t<\/div>\n\t\t\t\t\t<\/div>\n\t\t<\/section>\n\t\t\t\t<\/div>\n\t\t","protected":false},"excerpt":{"rendered":"<p>Allgemeine Gesch\u00e4ftsbedingungen 1. Allgemeines Der Erwerb eines Tickets f\u00fcr das Skigebiet \u201eBrunnalm-Hohe Veitsch\u201c berechtigt den Kunden zur Benutzung des Skigebiets von den Freizeitbetrieben Veitsch GmbH. Durch die Verwendung eines g\u00fcltigen Tickets kommt ein Bef\u00f6rderungs- und Pistenben\u00fctzungsvertrag mit den\/dem jeweiligen Lift- bzw. Pistenbetreiber\/n zustande. Mit der Verwendung eines g\u00fcltigen Tickets anerkennt der Kunde die beh\u00f6rdlich genehmigten<br \/><a class=\"moretag\" href=\"https:\/\/www.brunnalm-hoheveitsch.at\/sommer\/allgemeine-geschaeftsbedingungen\/\">+ Read More<\/a><\/p>\n","protected":false},"author":1,"featured_media":39,"parent":0,"menu_order":0,"comment_status":"closed","ping_status":"closed","template":"templates\/page-fullwidth_template.php","meta":{"_acf_changed":false,"footnotes":"","_links_to":"","_links_to_target":""},"class_list":["post-599","page","type-page","status-publish","has-post-thumbnail","hentry"],"acf":[],"publishpress_future_action":{"enabled":false,"date":"2026-05-10 15:59:38","action":"change-status","newStatus":"draft","terms":[],"taxonomy":""},"publishpress_future_workflow_manual_trigger":{"enabledWorkflows":[]},"_links":{"self":[{"href":"https:\/\/www.brunnalm-hoheveitsch.at\/sommer\/wp-json\/wp\/v2\/pages\/599","targetHints":{"allow":["GET"]}}],"collection":[{"href":"https:\/\/www.brunnalm-hoheveitsch.at\/sommer\/wp-json\/wp\/v2\/pages"}],"about":[{"href":"https:\/\/www.brunnalm-hoheveitsch.at\/sommer\/wp-json\/wp\/v2\/types\/page"}],"author":[{"embeddable":true,"href":"https:\/\/www.brunnalm-hoheveitsch.at\/sommer\/wp-json\/wp\/v2\/users\/1"}],"replies":[{"embeddable":true,"href":"https:\/\/www.brunnalm-hoheveitsch.at\/sommer\/wp-json\/wp\/v2\/comments?post=599"}],"version-history":[{"count":0,"href":"https:\/\/www.brunnalm-hoheveitsch.at\/sommer\/wp-json\/wp\/v2\/pages\/599\/revisions"}],"wp:featuredmedia":[{"embeddable":true,"href":"https:\/\/www.brunnalm-hoheveitsch.at\/sommer\/wp-json\/wp\/v2\/media\/39"}],"wp:attachment":[{"href":"https:\/\/www.brunnalm-hoheveitsch.at\/sommer\/wp-json\/wp\/v2\/media?parent=599"}],"curies":[{"name":"wp","href":"https:\/\/api.w.org\/{rel}","templated":true}]}}